{"id":57586,"date":"2021-08-31T17:15:17","date_gmt":"2021-08-31T16:15:17","guid":{"rendered":"https:\/\/www.buildingsofireland.ie\/?page_id=57586"},"modified":"2025-06-30T17:41:33","modified_gmt":"2025-06-30T16:41:33","slug":"towns","status":"publish","type":"page","link":"https:\/\/www.buildingsofireland.ie\/ga\/towns\/","title":{"rendered":"Bailte"},"content":{"rendered":"<div class=\"wpb-content-wrapper\"><p>[vc_row][vc_column]<section id=\"\" class=\"section\">\n    <div class=\"container\">\n        [vc_column_text css=&#8221;&#8221; el_class=&#8221;bg-color-white p-4&#8243;]T\u00e1 an leathanach <em>Bailte<\/em> beartaithe do \u00fadar\u00e1is \u00e1iti\u00fala agus do chleacht\u00f3ir\u00ed at\u00e1 ag obair le timpeallachta\u00ed uirbeacha stairi\u00fala, ag sol\u00e1thar treorach maidir le carachtar ailtireachta agus suntasacht chult\u00fartha a aithint agus aghaidh a thabhairt ar dh\u00fashl\u00e1in chomhaimseartha amhail tr\u00e9igin agus fol\u00fantas. \u00a0T\u00e1 s\u00e9 mar aidhm aige feasacht a mh\u00fascailt maidir le cosaint fabraic foirgneamh stairi\u00fail agus oidhreacht seand\u00e1la\u00edochta, go h\u00e1irithe laistigh de Limist\u00e9ir Chaomhnaithe Ailtireachta ainmnithe agus Criosanna Acmhainneachta Seand\u00e1la\u00edochta.<\/p>\n<p>Tr\u00ed chur chuige athghini\u00fana at\u00e1 faoi sti\u00fair na hoidhreachta a chur chun cinn \u00f3 pheirspict\u00edocht na h\u00c9ireann agus an AE araon, taca\u00edonn an leathanach seo le gn\u00edomha\u00edocht ar son an athraithe aer\u00e1ide, ag b\u00e9imni\u00fa th\u00e1bhacht na cothabh\u00e1la, na hathl\u00e9imneachta, na gcleachtas caomhnaithe ardchaighde\u00e1in, agus na n-idirghabh\u00e1lacha at\u00e1 faoi sti\u00fair an dearaidh. \u00a0Cuireann na strait\u00e9is\u00ed seo le cruth\u00fa timpeallachta\u00ed maireacht\u00e1la tarraingteacha, br\u00edomhara i mbailte agus i gcathracha na h\u00c9ireann.<\/p>\n<p>T\u00e1 r\u00f3l r\u00edth\u00e1bhachtach ag Meas\u00fan\u00fa ar Charachtar T\u00edrdhreacha, Limist\u00e9ir Chaomhnaithe Ailtireachta, mar aon le Criosanna Ainmni\u00fach\u00e1in Seand\u00e1la\u00edochta, maidir le pr\u00f3if\u00edl a bhun\u00fa d&#8217;athghini\u00faint uirbeach i l\u00e1rionaid stairi\u00fala. \u00a0Spreagann na huirlis\u00ed plean\u00e1la seo machnamh c\u00faramach agus feabhs\u00fa ar charachtar ailtireachta agus seand\u00e1la\u00edochta agus ag an am c\u00e9anna tac\u00fa le hath\u00fas\u00e1id oiri\u00fanaitheach agus bainist\u00edocht inbhuanaithe athraithe. \u00a0Cuireann oidhreacht shaibhir ailtireachta na h\u00c9ireann deiseanna ollmh\u00f3ra ar f\u00e1il maidir le h\u00e1iteanna a chruth\u00fa, tith\u00edocht uirbeach \u00e9ags\u00fail, comhth\u00e1th\u00fa s\u00f3isialta, agus athcheangal leis an d\u00falra, \u00e1it a bhfeidhm\u00edonn strucht\u00fair stairi\u00fala mar bhun\u00fas do chur chuige nu\u00e1lacha agus inbhuanaithe.<\/p>\n<p>Is \u00e1iteanna stairi\u00fala iad go leor l\u00e1r cathracha, bailte agus sr\u00e1idbhailte in \u00c9irinn a bhfuil f\u00e9ini\u00falachta\u00ed ar leith acu. \u00a0F\u00e1gann a gcaomhn\u00fa agus a l\u00e9irmh\u00edni\u00fa go bhfuil siad uath\u00fail agus tarraingteach do ch\u00f3naitheoir\u00ed agus do chuairteoir\u00ed araon. \u00a0\u00c9il\u00edonn cothabh\u00e1il na n-\u00e1iteanna seo cur chuige ilghn\u00e9itheach, lena n-\u00e1ir\u00edtear l\u00edonadh isteach tith\u00edochta, cothabh\u00e1il, caomhn\u00fa agus ath\u00fas\u00e1id foirgneamh at\u00e1 ann cheana f\u00e9in, feabhs\u00fa sp\u00e1sanna poibl\u00ed, agus sol\u00e1thar \u00e1iseanna pobail. \u00a0Tugann beartas rialtais L\u00e1r na Cathrach ar dt\u00fas aghaidh ar na gn\u00e9ithe t\u00e1bhachtacha seo d&#8217;athghini\u00faint bailte, ag dul i ngleic le fol\u00fantas, ag troid i gcoinne tr\u00e9igin, agus ag athbheochan l\u00e1r na mbailte.<\/p>\n<p>Sol\u00e1thra\u00edonn an tAcht um Ghn\u00edomh\u00fa ar son na hAer\u00e1ide agus um Fhorbairt \u00cdsealcharb\u00f3in (Leas\u00fa) 2021 treochl\u00e1r d&#8217;aistri\u00fa na h\u00c9ireann chuig geilleagar at\u00e1 athl\u00e9imneach \u00f3 thaobh na haer\u00e1ide de, saibhir \u00f3 thaobh bith\u00e9ags\u00falachta de, agus neodrach \u00f3 thaobh na haer\u00e1ide de, ag teacht le f\u00eds Chomhaont\u00fa Glas an AE maidir le m\u00f3r-roinn neodrach \u00f3 thaobh carb\u00f3in de faoi 2050. \u00a0Sa chomhth\u00e9acs seo, t\u00e1 deisi\u00fa agus athchusp\u00f3iri\u00fa foirgneamh stairi\u00fail at\u00e1 ann cheana f\u00e9in ag \u00e9ir\u00ed n\u00edos t\u00e1bhachta\u00ed. \u00a0T\u00e1 fuinneamh suntasach \u00f3na dt\u00f3g\u00e1il bhunaidh sna strucht\u00fair seo, agus gintear asta\u00edochta\u00ed g\u00e1s ceaptha teasa a th\u00f3gann blianta fada le frith\u00e1ireamh tr\u00ed scart\u00e1il agus athshol\u00e1thar.<\/p>\n<p>I ndomhan ina bhfuil acmhainn\u00ed teoranta, tugann cur chuige nu\u00e1lacha \u2014 at\u00e1 bunaithe ar thaighde agus a fhaigheann taca\u00edocht \u00f3 thionscnaimh ar n\u00f3s Bauhaus Eorpach Nua an AE \u2014 cumhacht do phobail athghini\u00faint at\u00e1 faoi sti\u00fair na hoidhreachta a ghlacadh. \u00a0T\u00e1 r\u00f3l bun\u00fasach ag oiri\u00fan\u00fa c\u00faramach agus ath\u00fas\u00e1id s\u00f3cmhainn\u00ed oidhreachta cult\u00fartha i bhforbairt inbhuanaithe uirbeach.<\/p>\n<p>Braitheann tionscadal rath\u00fail i gcomhth\u00e9acs uirbeach stairi\u00fail ar fhoireann ildiscipl\u00edneach speisialt\u00f3ir\u00ed, agus gach duine acu ag tabhairt a saineolais lena chinnti\u00fa go nglactar cur chuige \u00edogair agus eolasach. \u00a0Ba cheart go mbeadh ailtire caomhnaithe creidi\u00fanaithe n\u00f3 ailtire a bhfuil taith\u00ed aige ar shu\u00edomhanna stairi\u00fala, seand\u00e1la\u00ed n\u00f3 stara\u00ed ailtireachta, agus innealt\u00f3ir caomhnaithe creidi\u00fanaithe san \u00e1ireamh san fhoireann dearaidh. \u00a0Le ch\u00e9ile, sol\u00e1thra\u00edonn siad an t-eolas riachtanach chun cothroma\u00edocht a bhaint amach idir caomhn\u00fa agus forbairt inbhuanaithe.[\/vc_column_text]<\/div><\/div><\/section>\n<section id=\"accordion\" class=\"section-accordion\">\n    <div class=\"container\">\n        <div class=\"accordion-item\">\n    <h2 class=\"mt-4 mb-0\">\n        <a class=\"d-block bg-color-grey-2 color-white p-4 d-flex flex-row collapsed\" data-toggle=\"collapse\" href=\"#collapse-anailis\" role=\"button\" aria-expanded=\"true\" aria-controls=\"collapse-anailis\">\n            Anail\u00eds <i class=\"fa ml-auto\"><\/i>\n        <\/a>\n    <\/h2>\n    <div class=\"bg-color-white collapse\" id=\"collapse-anailis\" data-parent=\"#accordion\"  style=\"\">\n\t\t<div class=\"accordion-content\">\n\t\t\t<\/p>\n<div>\n<p>Bunaithe ar Chur Chuige T\u00edrdhreacha Stairi\u00fala Uirbeacha UNESCO, comhth\u00e1tha\u00edonn c\u00e9im anail\u00edse tionscadail chaomhnaithe agus athghini\u00fana uirb\u00ed plean\u00e1il agus dearadh inbhuanaithe, ag cur san \u00e1ireamh gn\u00e9ithe den timpeallacht th\u00f3gtha agus den oidhreacht chult\u00fartha araon.<\/p>\n<p><strong><em>Anail\u00eds Stairi\u00fail<\/em><\/strong><\/p>\n<p>Is c\u00e9im r\u00edth\u00e1bhachtach \u00ed tuiscint a fh\u00e1il ar stair agus ar \u00e9abhl\u00f3id ailtireachta an bhaile. \u00a0\u00c1ir\u00edtear leis seo athbhreithni\u00fa domhain ar thaifid stairi\u00fala agus ailtireachta, staid\u00e9ir chartagrafa\u00edochta, foins\u00ed \u00edoc\u00f3nagrafa\u00edochta, agus fionnachtana seand\u00e1la\u00edochta. \u00a0Cuid\u00edonn na hanail\u00eds\u00ed seo le picti\u00far cuimsitheach a th\u00f3g\u00e1il ar an gcaoi ar fhorbair an baile le himeacht ama agus ar na heilimint\u00ed a bhfuil t\u00e1bhacht chult\u00fartha agus stairi\u00fail leo.<\/p>\n<p><strong><em>Suirbh\u00e9<\/em><\/strong><\/p>\n<p>T\u00e1 suirbh\u00e9 cr\u00edochn\u00fail ar mhoirfeola\u00edocht reatha an bhaile riachtanach chun a riocht fisiceach agus \u00e1bhartha a mheas. \u00a0\u00c1ir\u00edtear leis seo suirbh\u00e9anna geoim\u00e9adracha agus grianghrafad\u00f3ireachta ar shr\u00e1ideanna, sp\u00e1sanna oscailte, agus eilimint\u00ed at\u00e1 f\u00f3s ann den r\u00e9imse poibl\u00ed. \u00a0Ina theannta sin, sainaithn\u00edonn suirbh\u00e9anna \u00e1bhartha \u00e1bhair th\u00f3g\u00e1la th\u00e1bhachtacha, agus d\u00e9anann suirbh\u00e9anna caomhnaithe meas\u00fan\u00fa ar riocht an r\u00e9imse phoibl\u00ed agus ar fhoirgnimh shuntasacha.<\/p>\n<p><strong><em>Meas\u00fan\u00fa ar N\u00e1d\u00far an T\u00edrdhreacha<\/em><\/strong><\/p>\n<p>Chun tuiscint ioml\u00e1n a fh\u00e1il ar an t\u00edrdhreach uirbeach stairi\u00fail, n\u00ed m\u00f3r facht\u00f3ir\u00ed \u00e9ags\u00fala a chur san \u00e1ireamh sa mheas\u00fan\u00fa:<\/p>\n<ul>\n<li>Bun\u00fas agus suntasacht foirgneamh agus st\u00edleanna ailtireachta ina gcomhth\u00e9acs n\u00e1isi\u00fanta agus idirn\u00e1isi\u00fanta<\/li>\n<li>\u00c9abhl\u00f3id agus t\u00e1bhacht leagan amach b\u00f3ithre agus sr\u00e1ideanna<\/li>\n<li>R\u00f3l sp\u00e1sanna oscailte, amhail gaird\u00edn\u00ed, glasra\u00ed, gn\u00e9ithe uisce, agus radharcanna<\/li>\n<li>Cine\u00e1lachas foirgneamh agus bloic uirbeacha, mar aon lena n-\u00e1bharthacht stairi\u00fail<\/li>\n<li>Aithint s\u00f3cmhainn\u00ed cult\u00fartha t\u00e1bhachtacha a chuireann le hoidhreacht an bhaile<\/li>\n<\/ul>\n<\/div>\n<p>\n\n\t\t<\/div>\n    <\/div>\n<\/div><div class=\"accordion-item\">\n    <h2 class=\"mt-4 mb-0\">\n        <a class=\"d-block bg-color-grey-2 color-white p-4 d-flex flex-row collapsed\" data-toggle=\"collapse\" href=\"#collapse-raiteas-maidir-le-tabhacht-chulturtha\" role=\"button\" aria-expanded=\"true\" aria-controls=\"collapse-raiteas-maidir-le-tabhacht-chulturtha\">\n            R\u00e1iteas maidir le T\u00e1bhacht Chult\u00fartha <i class=\"fa ml-auto\"><\/i>\n        <\/a>\n    <\/h2>\n    <div class=\"bg-color-white collapse\" id=\"collapse-raiteas-maidir-le-tabhacht-chulturtha\" data-parent=\"#accordion\"  style=\"\">\n\t\t<div class=\"accordion-content\">\n\t\t\t<p>Agus na l\u00e9argais bailithe, is \u00e9 an ch\u00e9ad ch\u00e9im eile n\u00e1 sainmh\u00edni\u00fa a thabhairt ar cad is oidhreacht th\u00f3gtha sa bhaile ann. \u00a0Ar\u00eds, ag lean\u00faint Chur Chuige T\u00edrdhreacha Uirbeacha Stairi\u00fala UNESCO, is \u00e9 an aidhm inbhuanaitheacht chult\u00fartha agus chomhshaoil a chomhth\u00e1th\u00fa sa phlean\u00e1il agus sa dearadh.<\/p>\n<p><strong><em>Luachanna Oidhreachta T\u00f3gtha<\/em><\/strong><\/p>\n<p>Sainaithn\u00edtear pr\u00edomhghn\u00e9ithe de th\u00e1bhacht ailtireachta agus chult\u00fartha, lena n-\u00e1ir\u00edtear su\u00edomhanna agus limist\u00e9ir oidhreachta sonracha, caidrimh idir sainchomhartha\u00ed amhairc, agus tr\u00e9ithe agus teorainneacha uath\u00fala fabraic stairi\u00fail an bhaile. \u00a0D\u00e9antar anail\u00eds freisin ar chaidrimh chomh-infheictheachta agus ar ch\u00f3in radhairc lena chinnti\u00fa go dtugann idirghabh\u00e1lacha nua urraim agus feabhs\u00fa do ghn\u00e9ithe oidhreachta at\u00e1 ann cheana f\u00e9in.<\/p>\n\n\t\t<\/div>\n    <\/div>\n<\/div><div class=\"accordion-item\">\n    <h2 class=\"mt-4 mb-0\">\n        <a class=\"d-block bg-color-grey-2 color-white p-4 d-flex flex-row collapsed\" data-toggle=\"collapse\" href=\"#collapse-forbairt-plean\" role=\"button\" aria-expanded=\"true\" aria-controls=\"collapse-forbairt-plean\">\n            Forbairt Plean <i class=\"fa ml-auto\"><\/i>\n        <\/a>\n    <\/h2>\n    <div class=\"bg-color-white collapse\" id=\"collapse-forbairt-plean\" data-parent=\"#accordion\"  style=\"\">\n\t\t<div class=\"accordion-content\">\n\t\t\t<p>D\u00edr\u00edonn an ch\u00e9im dheireanach den phr\u00f3iseas ar an gcaoi le s\u00f3cmhainn\u00ed oidhreachta aitheanta a chosaint agus a fheabhs\u00fa agus dearadh ardchaighde\u00e1in agus timpeallacht uirbeach in\u00e1itrithe a choth\u00fa ag an am c\u00e9anna. \u00a0Ag an gc\u00e9im seo, ba cheart go mbeadh na prionsabail threoracha ail\u00ednithe le beartas n\u00e1isi\u00fanta agus idirn\u00e1isi\u00fanta maidir le caomhn\u00fa agus c\u00e1il\u00edocht dearaidh, go h\u00e1irithe prionsabail Th\u00edrdhreach Stairi\u00fail Uirbeach UNESCO, an Beartas N\u00e1isi\u00fanta maidir le hAiltireacht agus luachanna an Bauhaus Nua Eorpach, ag cinnti\u00fa go bhfuil inbhuanaitheacht, aeist\u00e9itic agus cuimsi\u00fa i gcro\u00edl\u00e1r an tionscadail.<\/p>\n<p><strong><em>Rannph\u00e1irt\u00edocht Pobail<\/em><\/strong><\/p>\n<p>T\u00e1 pr\u00f3iseas plean\u00e1la cuimsitheach riachtanach, lena n-\u00e1ir\u00edtear ceardlanna agus comhairli\u00fach\u00e1in leis an bpobal \u00e1iti\u00fail chun a chinnti\u00fa go gcloistear a ngl\u00f3rtha. \u00a0Ba cheart feabhsuithe inrochtaineachta a chomhth\u00e1th\u00fa sa r\u00e9imse poibl\u00ed, agus ba cheart cleachtais rannph\u00e1irteacha, trasdiscipl\u00edneacha\u2014amhail iad si\u00fad a chuirtear chun cinn tr\u00ed thionscnaimh ar n\u00f3s THRIVE agus Built4People\u2014a \u00fas\u00e1id chun rannph\u00e1irt\u00edocht leathan geallsealbh\u00f3ir\u00ed a choth\u00fa.<\/p>\n<p><strong><em>Strait\u00e9is Tionscadail do Fhoirgnimh agus don R\u00e9imse Poibl\u00ed<\/em><\/strong><\/p>\n<p>Go ginear\u00e1lta, faoi r\u00e9ir an phr\u00f3isis dhomhain at\u00e1 leagtha amach thuas, n\u00ed m\u00f3r d&#8217;aon fhorbairt carachtar stairi\u00fail an bhaile a urram\u00fa agus clo\u00ed le prionsabail chaomhnaithe ag an am c\u00e9anna. \u00a0Seo roinnt sampla\u00ed de phr\u00edomhphrionsabail ar cheart t\u00fas \u00e1ite a thabhairt d\u00f3ibh sa strait\u00e9is:<\/p>\n<ul>\n<li>\u00cdosmh\u00e9id idirghabh\u00e1la, ag cinnti\u00fa go bhfuil athruithe caolch\u00faiseach agus riachtanach<\/li>\n<li>Coinne\u00e1il agus athch\u00f3iri\u00fa fabraic bhunaidh an r\u00e9imse phoibl\u00ed, ag baint \u00fas\u00e1ide as modhanna agus \u00e1bhair th\u00f3g\u00e1la traidisi\u00fanta<\/li>\n<li>Dearadh \u00edogair, ag tabhairt tosa\u00edochta d&#8217;idirghabh\u00e1lacha dea-bhreithnithe a choinn\u00edonn carachtar stairi\u00fail<\/li>\n<li>Seachaint eilimint\u00ed nua-aimseartha ionracha, agus rogha a dh\u00e9anamh ina ionad sin do throsc\u00e1n sr\u00e1ide agus comhartha\u00edocht a chomhchuibheasa\u00edonn leis an aeist\u00e9itic at\u00e1 ann cheana f\u00e9in<\/li>\n<li>\u00das\u00e1id \u00e1bhar traidisi\u00fanta agus n\u00e1d\u00fartha, teicn\u00edc\u00ed agus scileanna t\u00f3g\u00e1la, ag cinnti\u00fa comhoiri\u00fanachta le bar\u00e1nt\u00falacht an tsu\u00edmh stairi\u00fail<\/li>\n<li>Spreagadh gluaiseachta agus nascachta coisithe, lena n-\u00e1ir\u00edtear bearta maolaithe tr\u00e1chta amhail cos\u00e1in chloiche cobblestone<\/li>\n<li>Bonneagar nua-aimseartha a cheilt, an t\u00edrdhreach sr\u00e1ide stairi\u00fail a chaomhn\u00fa tr\u00ed fh\u00f3ntais a chomhth\u00e1th\u00fa go discr\u00e9ideach<\/li>\n<li>Idirghabh\u00e1lacha at\u00e1 neamhdh\u00edobh\u00e1lach don chomhshaol, amhail soilsi\u00fa faoi thiom\u00e1int na gr\u00e9ine agus baili\u00fa uisce b\u00e1ist\u00ed, chun inbhuanaitheacht a fheabhs\u00fa agus oidhreacht \u00e1 meas ag an am c\u00e9anna<\/li>\n<\/ul>\n<p>\n\n\t\t<\/div>\n    <\/div>\n<\/div><\/div><\/section>\n[\/vc_column][\/vc_row]<\/p>\n<\/div>","protected":false},"excerpt":{"rendered":"<p>[vc_row][vc_column][vc_column_text css=&#8221;&#8221; el_class=&#8221;bg-color-white p-4&#8243;]T\u00e1 an leathanach Bailte beartaithe do \u00fadar\u00e1is \u00e1iti\u00fala agus do chleacht\u00f3ir\u00ed at\u00e1 ag obair le timpeallachta\u00ed uirbeacha stairi\u00fala, ag sol\u00e1thar treorach maidir le carachtar ailtireachta agus suntasacht chult\u00fartha a aithint agus aghaidh a thabhairt ar dh\u00fashl\u00e1in chomhaimseartha amhail tr\u00e9igin agus fol\u00fantas. \u00a0T\u00e1 s\u00e9 mar aidhm aige feasacht a mh\u00fascailt maidir le cosaint<\/p>\n","protected":false},"author":1,"featured_media":0,"parent":0,"menu_order":0,"comment_status":"closed","ping_status":"closed","template":"","meta":{"_acf_changed":false,"footnotes":""},"class_list":["post-57586","page","type-page","status-publish","hentry"],"acf":[],"yoast_head":"<!-- This site is optimized with the Yoast SEO plugin v27.2 - https:\/\/yoast.com\/product\/yoast-seo-wordpress\/ -->\n<title>Bailte - Buildings of Ireland<\/title>\n<meta name=\"robots\" content=\"index, follow, max-snippet:-1, max-image-preview:large, max-video-preview:-1\" \/>\n<link rel=\"canonical\" href=\"https:\/\/www.buildingsofireland.ie\/ga\/towns\/\" \/>\n<meta property=\"og:locale\" content=\"ga_IE\" \/>\n<meta property=\"og:type\" content=\"article\" \/>\n<meta property=\"og:title\" content=\"Bailte - Buildings of Ireland\" \/>\n<meta property=\"og:description\" content=\"[vc_row][vc_column][vc_column_text css=&#8221;&#8221; el_class=&#8221;bg-color-white p-4&#8243;]T\u00e1 an leathanach Bailte beartaithe do \u00fadar\u00e1is \u00e1iti\u00fala agus do chleacht\u00f3ir\u00ed at\u00e1 ag obair le timpeallachta\u00ed uirbeacha stairi\u00fala, ag sol\u00e1thar treorach maidir le carachtar ailtireachta agus suntasacht chult\u00fartha a aithint agus aghaidh a thabhairt ar dh\u00fashl\u00e1in chomhaimseartha amhail tr\u00e9igin agus fol\u00fantas. \u00a0T\u00e1 s\u00e9 mar aidhm aige feasacht a mh\u00fascailt maidir le cosaint\" \/>\n<meta property=\"og:url\" content=\"https:\/\/www.buildingsofireland.ie\/ga\/towns\/\" \/>\n<meta property=\"og:site_name\" content=\"Buildings of Ireland\" \/>\n<meta property=\"article:publisher\" content=\"https:\/\/www.facebook.com\/www.buildingsofireland.ie\/\" \/>\n<meta property=\"article:modified_time\" content=\"2025-06-30T16:41:33+00:00\" \/>\n<meta name=\"twitter:card\" content=\"summary_large_image\" \/>\n<meta name=\"twitter:label1\" content=\"Est. reading time\" \/>\n\t<meta name=\"twitter:data1\" content=\"6 minutes\" \/>\n<script type=\"application\/ld+json\" class=\"yoast-schema-graph\">{\"@context\":\"https:\/\/schema.org\",\"@graph\":[{\"@type\":\"WebPage\",\"@id\":\"https:\/\/www.buildingsofireland.ie\/ga\/towns\/\",\"url\":\"https:\/\/www.buildingsofireland.ie\/ga\/towns\/\",\"name\":\"Bailte - Buildings of Ireland\",\"isPartOf\":{\"@id\":\"https:\/\/www.buildingsofireland.ie\/ga\/#website\"},\"datePublished\":\"2021-08-31T16:15:17+00:00\",\"dateModified\":\"2025-06-30T16:41:33+00:00\",\"breadcrumb\":{\"@id\":\"https:\/\/www.buildingsofireland.ie\/ga\/towns\/#breadcrumb\"},\"inLanguage\":\"ga-IE\",\"potentialAction\":[{\"@type\":\"ReadAction\",\"target\":[\"https:\/\/www.buildingsofireland.ie\/ga\/towns\/\"]}]},{\"@type\":\"BreadcrumbList\",\"@id\":\"https:\/\/www.buildingsofireland.ie\/ga\/towns\/#breadcrumb\",\"itemListElement\":[{\"@type\":\"ListItem\",\"position\":1,\"name\":\"Home\",\"item\":\"https:\/\/www.buildingsofireland.ie\/ga\/\"},{\"@type\":\"ListItem\",\"position\":2,\"name\":\"Bailte\"}]},{\"@type\":\"WebSite\",\"@id\":\"https:\/\/www.buildingsofireland.ie\/ga\/#website\",\"url\":\"https:\/\/www.buildingsofireland.ie\/ga\/\",\"name\":\"National Inventory of Architectural Heritage\",\"description\":\"\",\"publisher\":{\"@id\":\"https:\/\/www.buildingsofireland.ie\/ga\/#organization\"},\"potentialAction\":[{\"@type\":\"SearchAction\",\"target\":{\"@type\":\"EntryPoint\",\"urlTemplate\":\"https:\/\/www.buildingsofireland.ie\/ga\/?s={search_term_string}\"},\"query-input\":{\"@type\":\"PropertyValueSpecification\",\"valueRequired\":true,\"valueName\":\"search_term_string\"}}],\"inLanguage\":\"ga-IE\"},{\"@type\":\"Organization\",\"@id\":\"https:\/\/www.buildingsofireland.ie\/ga\/#organization\",\"name\":\"National Inventory of Architectural Heritage\",\"url\":\"https:\/\/www.buildingsofireland.ie\/ga\/\",\"logo\":{\"@type\":\"ImageObject\",\"inLanguage\":\"ga-IE\",\"@id\":\"https:\/\/www.buildingsofireland.ie\/ga\/#\/schema\/logo\/image\/\",\"url\":\"https:\/\/www.buildingsofireland.ie\/app\/uploads\/2019\/10\/niah-black.jpg\",\"contentUrl\":\"https:\/\/www.buildingsofireland.ie\/app\/uploads\/2019\/10\/niah-black.jpg\",\"width\":457,\"height\":69,\"caption\":\"National Inventory of Architectural Heritage\"},\"image\":{\"@id\":\"https:\/\/www.buildingsofireland.ie\/ga\/#\/schema\/logo\/image\/\"},\"sameAs\":[\"https:\/\/www.facebook.com\/www.buildingsofireland.ie\/\"]}]}<\/script>\n<!-- \/ Yoast SEO plugin. -->","yoast_head_json":{"title":"Bailte - Buildings of Ireland","robots":{"index":"index","follow":"follow","max-snippet":"max-snippet:-1","max-image-preview":"max-image-preview:large","max-video-preview":"max-video-preview:-1"},"canonical":"https:\/\/www.buildingsofireland.ie\/ga\/towns\/","og_locale":"ga_IE","og_type":"article","og_title":"Bailte - Buildings of Ireland","og_description":"[vc_row][vc_column][vc_column_text css=&#8221;&#8221; el_class=&#8221;bg-color-white p-4&#8243;]T\u00e1 an leathanach Bailte beartaithe do \u00fadar\u00e1is \u00e1iti\u00fala agus do chleacht\u00f3ir\u00ed at\u00e1 ag obair le timpeallachta\u00ed uirbeacha stairi\u00fala, ag sol\u00e1thar treorach maidir le carachtar ailtireachta agus suntasacht chult\u00fartha a aithint agus aghaidh a thabhairt ar dh\u00fashl\u00e1in chomhaimseartha amhail tr\u00e9igin agus fol\u00fantas. \u00a0T\u00e1 s\u00e9 mar aidhm aige feasacht a mh\u00fascailt maidir le cosaint","og_url":"https:\/\/www.buildingsofireland.ie\/ga\/towns\/","og_site_name":"Buildings of Ireland","article_publisher":"https:\/\/www.facebook.com\/www.buildingsofireland.ie\/","article_modified_time":"2025-06-30T16:41:33+00:00","twitter_card":"summary_large_image","twitter_misc":{"Est. reading time":"6 minutes"},"schema":{"@context":"https:\/\/schema.org","@graph":[{"@type":"WebPage","@id":"https:\/\/www.buildingsofireland.ie\/ga\/towns\/","url":"https:\/\/www.buildingsofireland.ie\/ga\/towns\/","name":"Bailte - Buildings of Ireland","isPartOf":{"@id":"https:\/\/www.buildingsofireland.ie\/ga\/#website"},"datePublished":"2021-08-31T16:15:17+00:00","dateModified":"2025-06-30T16:41:33+00:00","breadcrumb":{"@id":"https:\/\/www.buildingsofireland.ie\/ga\/towns\/#breadcrumb"},"inLanguage":"ga-IE","potentialAction":[{"@type":"ReadAction","target":["https:\/\/www.buildingsofireland.ie\/ga\/towns\/"]}]},{"@type":"BreadcrumbList","@id":"https:\/\/www.buildingsofireland.ie\/ga\/towns\/#breadcrumb","itemListElement":[{"@type":"ListItem","position":1,"name":"Home","item":"https:\/\/www.buildingsofireland.ie\/ga\/"},{"@type":"ListItem","position":2,"name":"Bailte"}]},{"@type":"WebSite","@id":"https:\/\/www.buildingsofireland.ie\/ga\/#website","url":"https:\/\/www.buildingsofireland.ie\/ga\/","name":"National Inventory of Architectural Heritage","description":"","publisher":{"@id":"https:\/\/www.buildingsofireland.ie\/ga\/#organization"},"potentialAction":[{"@type":"SearchAction","target":{"@type":"EntryPoint","urlTemplate":"https:\/\/www.buildingsofireland.ie\/ga\/?s={search_term_string}"},"query-input":{"@type":"PropertyValueSpecification","valueRequired":true,"valueName":"search_term_string"}}],"inLanguage":"ga-IE"},{"@type":"Organization","@id":"https:\/\/www.buildingsofireland.ie\/ga\/#organization","name":"National Inventory of Architectural Heritage","url":"https:\/\/www.buildingsofireland.ie\/ga\/","logo":{"@type":"ImageObject","inLanguage":"ga-IE","@id":"https:\/\/www.buildingsofireland.ie\/ga\/#\/schema\/logo\/image\/","url":"https:\/\/www.buildingsofireland.ie\/app\/uploads\/2019\/10\/niah-black.jpg","contentUrl":"https:\/\/www.buildingsofireland.ie\/app\/uploads\/2019\/10\/niah-black.jpg","width":457,"height":69,"caption":"National Inventory of Architectural Heritage"},"image":{"@id":"https:\/\/www.buildingsofireland.ie\/ga\/#\/schema\/logo\/image\/"},"sameAs":["https:\/\/www.facebook.com\/www.buildingsofireland.ie\/"]}]}},"_links":{"self":[{"href":"https:\/\/www.buildingsofireland.ie\/ga\/wp-json\/wp\/v2\/pages\/57586","targetHints":{"allow":["GET"]}}],"collection":[{"href":"https:\/\/www.buildingsofireland.ie\/ga\/wp-json\/wp\/v2\/pages"}],"about":[{"href":"https:\/\/www.buildingsofireland.ie\/ga\/wp-json\/wp\/v2\/types\/page"}],"author":[{"embeddable":true,"href":"https:\/\/www.buildingsofireland.ie\/ga\/wp-json\/wp\/v2\/users\/1"}],"replies":[{"embeddable":true,"href":"https:\/\/www.buildingsofireland.ie\/ga\/wp-json\/wp\/v2\/comments?post=57586"}],"version-history":[{"count":23,"href":"https:\/\/www.buildingsofireland.ie\/ga\/wp-json\/wp\/v2\/pages\/57586\/revisions"}],"predecessor-version":[{"id":59702,"href":"https:\/\/www.buildingsofireland.ie\/ga\/wp-json\/wp\/v2\/pages\/57586\/revisions\/59702"}],"wp:attachment":[{"href":"https:\/\/www.buildingsofireland.ie\/ga\/wp-json\/wp\/v2\/media?parent=57586"}],"curies":[{"name":"wp","href":"https:\/\/api.w.org\/{rel}","templated":true}]}}